{"id":472,"date":"2023-01-30T08:40:47","date_gmt":"2023-01-30T08:40:47","guid":{"rendered":"https:\/\/iesfuertedecortadura.org\/wp\/?page_id=472"},"modified":"2023-01-30T09:52:07","modified_gmt":"2023-01-30T09:52:07","slug":"jornadas-de-los-estudios-y-las-profesiones","status":"publish","type":"page","link":"https:\/\/iesfuertedecortadura.org\/wp\/jornadas-de-los-estudios-y-las-profesiones\/","title":{"rendered":"Jornadas de los Estudios y las Profesiones"},"content":{"rendered":"\n\n\n<h3>V Jornadas de Orientaci\u00f3n de Estudios y Profesiones Destinadas al Actual Alumnado de 2\u00ba de Bachillerato<\/h3>\n<p dir=\"ltr\" style=\"-webkit-text-size-adjust: auto; caret-color: rgb(51, 51, 51); color: rgb(51, 51, 51); font-family: &quot;Trebuchet MS&quot;, Calibri, sans-serif; font-size: 20px; text-align: justify;\">Como no hay 5\u00ba malo, ya tenemos aqu\u00ed las&nbsp;V Jornadas de Informaci\u00f3n y Orientaci\u00f3n de Estudios y Profesiones&nbsp;para nuestro alumnado de Bachillerato, as\u00ed que&nbsp;<strong>si has estudiado en el IES Fuerte de Cortadura y est\u00e1s estudiando en la Universidad o Ciclo superior, o has acabado tus estudios universitarios no hace demasiado tiempo, nos gustar\u00eda que os pusierais en contacto con nosotros,<\/strong>&nbsp;para como te imaginas, contar y compartir tu experiencia con los\/las que ahora est\u00e1n sentados donde tu estuviste, que seguro podr\u00e1s aportar muchas cosas, vivencias y experiencias.<\/p><p dir=\"ltr\" style=\"-webkit-text-size-adjust: auto; caret-color: rgb(51, 51, 51); color: rgb(51, 51, 51); font-family: &quot;Trebuchet MS&quot;, Calibri, sans-serif; font-size: 20px; text-align: justify;\">La idea es que se\u00e1is&nbsp;<strong>vosotras y vosotros, antiguos alumnos&nbsp;<\/strong>los que os dirigi\u00e9rais a nuestro alumnado actual de 2\u00ba de bachillerato para contarles vuestra experiencia y aportarles vuestra visi\u00f3n, que seguro les ser\u00e1 de ayuda.&nbsp;<\/p><p dir=\"ltr\" style=\"-webkit-text-size-adjust: auto; caret-color: rgb(51, 51, 51); color: rgb(51, 51, 51); font-family: &quot;Trebuchet MS&quot;, Calibri, sans-serif; font-size: 20px; text-align: justify;\">En el a\u00f1o 2020 con motivo de \u2026\u2026.tuvimos que suspenderla, pero no todo iba a ser malo, e hizo que algunas tecnolog\u00edas se desarrollasen y calasen muy r\u00e1pidamente y en 2021 pudimos celebrarla online. Este a\u00f1o vamos a intentar combinar la presencialidad f\u00edsica con la presencialidad virtual, a ver c\u00f3mo sale.<\/p><p dir=\"ltr\" style=\"-webkit-text-size-adjust: auto; caret-color: rgb(51, 51, 51); color: rgb(51, 51, 51); font-family: &quot;Trebuchet MS&quot;, Calibri, sans-serif; font-size: 20px; text-align: justify;\">Ser\u00eda el&nbsp;JUEVES 7 de abril&nbsp;a&nbsp; las 11:45 horas y nos gustar\u00eda que estuviesen presentes la mayor variedad de grados\/carreras posibles.<\/p><p dir=\"ltr\" style=\"-webkit-text-size-adjust: auto; caret-color: rgb(51, 51, 51); color: rgb(51, 51, 51); font-family: &quot;Trebuchet MS&quot;, Calibri, sans-serif; font-size: 20px; text-align: justify;\">As\u00ed, que si puedes, este a\u00f1o tenemos la ventaja que aunque est\u00e9s estudiando fuera, podr\u00e1s asistir presencialmente o telem\u00e1ticamente y acompa\u00f1arnos. En cualquier caso, tenemos una direcci\u00f3n de correo electr\u00f3nico para la ocasi\u00f3n&nbsp;<a href=\"mailto:antiguosalumnoscortadura@gmail.com\" style=\"color: rgb(0, 51, 153);\">antiguosalumnoscortadura@gmail.com<\/a><\/p><p dir=\"ltr\" style=\"-webkit-text-size-adjust: auto; caret-color: rgb(51, 51, 51); color: rgb(51, 51, 51); font-family: &quot;Trebuchet MS&quot;, Calibri, sans-serif; font-size: 20px; text-align: justify;\">A trav\u00e9s de este correo nos pod\u00e9is comunicar la posibilidad de contar con vosotros bien presencial o telem\u00e1ticamente y de qu\u00e9 carrera o profesi\u00f3n pod\u00e9is hablar.<\/p><p dir=\"ltr\" style=\"-webkit-text-size-adjust: auto; caret-color: rgb(51, 51, 51); color: rgb(51, 51, 51); font-family: &quot;Trebuchet MS&quot;, Calibri, sans-serif; font-size: 20px; text-align: justify;\">No dud\u00e9is en poneros en contacto con nosotros, ser\u00e1 un placer y animaos a colaborar en aportar vuestra formaci\u00f3n que seguro, ser\u00e1 enriquecedora como ya lo fue los cursos anteriores.&nbsp;<\/p><p dir=\"ltr\" style=\"-webkit-text-size-adjust: auto; caret-color: rgb(51, 51, 51); color: rgb(51, 51, 51); font-family: &quot;Trebuchet MS&quot;, Calibri, sans-serif; font-size: 20px; text-align: justify;\">Mientras tanto, recibid un afectuoso saludo&nbsp;y difundidlo entre vuestros excompa\u00f1eros y amigos. \u00a1Os esperamos!<\/p><p dir=\"ltr\" style=\"-webkit-text-size-adjust: auto; caret-color: rgb(51, 51, 51); color: rgb(51, 51, 51); font-family: &quot;Trebuchet MS&quot;, Calibri, sans-serif; font-size: 20px; text-align: justify;\">IES Fuerte de Cortadura<\/p><p dir=\"ltr\" style=\"-webkit-text-size-adjust: auto; caret-color: rgb(51, 51, 51); color: rgb(51, 51, 51); font-family: &quot;Trebuchet MS&quot;, Calibri, sans-serif; font-size: 20px; text-align: justify;\">Jos\u00e9 Manuel Out\u00f3n &#8211; Jefe del Departamento del Departamento de Actividades Complementarias y Extraescolares (DACE)<\/p><p dir=\"ltr\" style=\"-webkit-text-size-adjust: auto; caret-color: rgb(51, 51, 51); color: rgb(51, 51, 51); font-family: &quot;Trebuchet MS&quot;, Calibri, sans-serif; font-size: 20px; text-align: justify;\">Jos\u00e9 Antonio F. Fontanilla &#8211; Director&nbsp;&nbsp;&nbsp;&nbsp;&nbsp;&nbsp;&nbsp;<\/p><p dir=\"ltr\" style=\"-webkit-text-size-adjust: auto; caret-color: rgb(51, 51, 51); color: rgb(51, 51, 51); font-family: &quot;Trebuchet MS&quot;, Calibri, sans-serif; font-size: 20px; text-align: justify;\">&nbsp;C\u00e1diz, marzo de 2022<\/p>\n\n<h3>IV Jornadas de Estudios y Profesiones con Antiguos\/as Alumnos\/as<\/h3>\n<h3>Jueves 25 de marzo de 2021<\/h3>\n<p style=\"-webkit-text-size-adjust: auto; caret-color: rgb(51, 51, 51); color: rgb(51, 51, 51); font-family: &quot;Trebuchet MS&quot;, Calibri, sans-serif; font-size: 20px; text-align: justify;\">Tras el par\u00e9ntesis del curso pasado, por motivos de cuyo nombre no queremos acordarnos, retomamos y tenemos aqu\u00ed otra vez las IV Jornadas de Informaci\u00f3n y Orientaci\u00f3n de Estudios y Profesiones para nuestro alumnado de Bachillerato, as\u00ed que si has estudiado en el IES Fuerte de Cortadura y est\u00e1s estudiando en la Universidad o Ciclo Superior, o has acabado tus estudios universitarios no hace demasiado tiempo, nos gustar\u00eda que te pusieras en contacto con nosotros para contar y compartir tu experiencia con los\/las que ahora est\u00e1n sentados donde t\u00fa estuviste, pero que ahora ellos llevan mascarilla.<\/p><p style=\"-webkit-text-size-adjust: auto; caret-color: rgb(51, 51, 51); color: rgb(51, 51, 51); font-family: &quot;Trebuchet MS&quot;, Calibri, sans-serif; font-size: 20px; text-align: justify;\">La idea es que se\u00e1is vosotros y vosotras, antiguos alumnos, los que os dirij\u00e1is a nuestro alumnado actual de 2\u00ba de bachillerato para contarles vuestra experiencia y aportarles vuestra visi\u00f3n, que seguro le ser\u00e1 de ayuda. Este a\u00f1o, gracias a la tecnolog\u00eda esperamos conseguirlo y contar contigo.<\/p><p style=\"-webkit-text-size-adjust: auto; caret-color: rgb(51, 51, 51); color: rgb(51, 51, 51); font-family: &quot;Trebuchet MS&quot;, Calibri, sans-serif; font-size: 20px; text-align: justify;\">Ser\u00eda el JUEVES 25 de marzo a las 12:45 horas y nos gustar\u00eda que estuviesen presentes la mayor variedad de grados\/carreras posibles.<\/p><p style=\"-webkit-text-size-adjust: auto; caret-color: rgb(51, 51, 51); color: rgb(51, 51, 51); font-family: &quot;Trebuchet MS&quot;, Calibri, sans-serif; font-size: 20px; text-align: justify;\">As\u00ed que, si puedes, este a\u00f1o tenemos la ventaja que, aunque est\u00e9s estudiando fuera, podr\u00e1s asistir, ya que lo haremos todo por videoconferencia. En cualquier caso, tenemos una direcci\u00f3n de correo electr\u00f3nico para la ocasi\u00f3n. antiguosalumnoscortadura@gmail.com<\/p><p style=\"-webkit-text-size-adjust: auto; caret-color: rgb(51, 51, 51); color: rgb(51, 51, 51); font-family: &quot;Trebuchet MS&quot;, Calibri, sans-serif; font-size: 20px; text-align: justify;\">A trav\u00e9s de este correo nos pod\u00e9is comunicar la posibilidad de contar con vosotros y de qu\u00e9 carrera o profesi\u00f3n pod\u00e9is hablar.<\/p><p style=\"-webkit-text-size-adjust: auto; caret-color: rgb(51, 51, 51); color: rgb(51, 51, 51); font-family: &quot;Trebuchet MS&quot;, Calibri, sans-serif; font-size: 20px; text-align: justify;\">No dud\u00e9is en poneros en contacto con nosotros, ser\u00e1 un placer y animaos a colaborar en aportar vuestra formaci\u00f3n que seguro ser\u00e1 enriquecedora como ya lo fue los cursos anteriores.&nbsp;<\/p><p style=\"-webkit-text-size-adjust: auto; caret-color: rgb(51, 51, 51); color: rgb(51, 51, 51); font-family: &quot;Trebuchet MS&quot;, Calibri, sans-serif; font-size: 20px; text-align: justify;\">Mientras tanto, recibid un afectuoso saludo y difundidlo entre vuestros excompa\u00f1eros y amigos.<\/p>\n\n\n<h3>III Jornadas de Orientaci\u00f3n de Estudios y Profesiones<\/h3>\n<h3>Viernes, 13 de abril de 2019<\/h3>\n\n\n<h3>II Jornadas de Orientaci\u00f3n de Estudios y Profesiones<\/h3>\n<h3>Viernes, 13 de abril de 2018<\/h3>\n\n\n<h3>I Jornadas de Orientaci\u00f3n de Estudios y Profesiones<\/h3>\n<h3>Mi\u00e9rcoles, 5 de abril de 2017<\/h3>\n<p style=\"-webkit-text-size-adjust: auto; caret-color: rgb(51, 51, 51); color: rgb(51, 51, 51); font-family: &quot;Trebuchet MS&quot;, Calibri, sans-serif; font-size: 20px; text-align: left;\">Si has estudiado en el IES Fuerte de Cortadura y est\u00e1s estudiando en la Universidad o has acabado los estudios universitarios no hace demasiado tiempo, nos gustar\u00eda que te pusieras en contacto con nosotros, pues queremos organizar para el pr\u00f3ximo mi\u00e9rcoles 5 de abril unas jornadas de informaci\u00f3n sobre las distintas carreras\/profesiones.<\/p><p style=\"-webkit-text-size-adjust: auto; caret-color: rgb(51, 51, 51); color: rgb(51, 51, 51); font-family: &quot;Trebuchet MS&quot;, Calibri, sans-serif; font-size: 20px; text-align: left;\">La idea es que fueseis vosotros, antiguos alumnos los que os dirigierais a nuestros alumnos actuales de bachillerato para hablarles de las mismas. Ser\u00eda a partir de las 12 horas y nos gustar\u00eda que estuviesen presentes la mayor variedad de profesiones posibles.&nbsp;As\u00ed que, si pod\u00e9is, (no vay\u00e1is a faltar a los ex\u00e1menes) o si el trabajo lo permite (ni vay\u00e1is a incumplir vuestras obligaciones laborales) contamos con vosotros.<\/p><p style=\"-webkit-text-size-adjust: auto; caret-color: rgb(51, 51, 51); color: rgb(51, 51, 51); font-family: &quot;Trebuchet MS&quot;, Calibri, sans-serif; font-size: 20px; text-align: left;\">En cualquier caso, hemos creado una direcci\u00f3n de correo electr\u00f3nico para la ocasi\u00f3n:&nbsp;<strong><a href=\"mailto:antiguosalumnoscortadura@gmail.com\" style=\"color: rgb(0, 51, 153);\">antiguosalumnoscortadura@gmail.com<\/a><\/strong>&nbsp;<\/p><p style=\"-webkit-text-size-adjust: auto; caret-color: rgb(51, 51, 51); color: rgb(51, 51, 51); font-family: &quot;Trebuchet MS&quot;, Calibri, sans-serif; font-size: 20px; text-align: left;\">A trav\u00e9s de este correo nos pod\u00e9is comunicar la posibilidad de contar con vosotros y de qu\u00e9 carrera o profesi\u00f3n pod\u00e9is hablar.<\/p><p style=\"-webkit-text-size-adjust: auto; caret-color: rgb(51, 51, 51); color: rgb(51, 51, 51); font-family: &quot;Trebuchet MS&quot;, Calibri, sans-serif; font-size: 20px; text-align: left;\">No es un encuentro de antiguos alumnos, algo que s\u00ed pretendemos que pod\u00e1is tener a final de curso, para fomentar la creaci\u00f3n de la Asociaci\u00f3n de Antiguos Alumnos del IES Fuerte de Cortadura.<\/p><p style=\"-webkit-text-size-adjust: auto; caret-color: rgb(51, 51, 51); color: rgb(51, 51, 51); font-family: &quot;Trebuchet MS&quot;, Calibri, sans-serif; font-size: 20px; text-align: left;\">No dud\u00e9is en poneros en contacto con nosotros. \u00a1Animaos!<\/p><p style=\"-webkit-text-size-adjust: auto; caret-color: rgb(51, 51, 51); color: rgb(51, 51, 51); font-family: &quot;Trebuchet MS&quot;, Calibri, sans-serif; font-size: 20px; text-align: left;\">El Equipo Directivo<\/p><p style=\"-webkit-text-size-adjust: auto; caret-color: rgb(51, 51, 51); color: rgb(51, 51, 51); font-family: &quot;Trebuchet MS&quot;, Calibri, sans-serif; font-size: 20px; text-align: left;\"><span style=\"text-align: justify;\">Y lleg\u00f3 el d\u00eda. Y alli estaban ellos. Hab\u00edan llegado desde diferentes sitios de Espa\u00f1a y de fuera. Adriana, Fran, Ana, In\u00e9s, \u00c1lvaro, Julia, Marina, Irene, Pablo, Coco y un chico que hab\u00eda estudiado en otro instituto. No hab\u00eda gui\u00f3n, ni falta que hac\u00eda porque, de repente, todo fluy\u00f3 y contaron sus miedos y experiencias de \u00absu selectividad\u00bb.Tambi\u00e9n dieron consejos, lecciones \u00fanicas del mundo real universitario y del mundo laboral, lejos de las charlas academicistas. De t\u00fa a t\u00fa. Enfrente un p\u00fablico atento y c\u00f3mplice porque les falta poco para estar en ese otro mundo. Mil gracias a todos los que hicist\u00e9is el esfuerzo de venir y hacer posible estas primeras Jornadas de los Estudios y Profesiones.<\/span><br><\/p>\n\n\n\n","protected":false},"excerpt":{"rendered":"","protected":false},"author":1,"featured_media":0,"parent":0,"menu_order":0,"comment_status":"closed","ping_status":"closed","template":"","meta":{"pagelayer_contact_templates":[],"_pagelayer_content":"","footnotes":""},"class_list":["post-472","page","type-page","status-publish","hentry"],"_links":{"self":[{"href":"https:\/\/iesfuertedecortadura.org\/wp\/wp-json\/wp\/v2\/pages\/472","targetHints":{"allow":["GET"]}}],"collection":[{"href":"https:\/\/iesfuertedecortadura.org\/wp\/wp-json\/wp\/v2\/pages"}],"about":[{"href":"https:\/\/iesfuertedecortadura.org\/wp\/wp-json\/wp\/v2\/types\/page"}],"author":[{"embeddable":true,"href":"https:\/\/iesfuertedecortadura.org\/wp\/wp-json\/wp\/v2\/users\/1"}],"replies":[{"embeddable":true,"href":"https:\/\/iesfuertedecortadura.org\/wp\/wp-json\/wp\/v2\/comments?post=472"}],"version-history":[{"count":32,"href":"https:\/\/iesfuertedecortadura.org\/wp\/wp-json\/wp\/v2\/pages\/472\/revisions"}],"predecessor-version":[{"id":516,"href":"https:\/\/iesfuertedecortadura.org\/wp\/wp-json\/wp\/v2\/pages\/472\/revisions\/516"}],"wp:attachment":[{"href":"https:\/\/iesfuertedecortadura.org\/wp\/wp-json\/wp\/v2\/media?parent=472"}],"curies":[{"name":"wp","href":"https:\/\/api.w.org\/{rel}","templated":true}]}}